{"id":222050,"date":"2025-09-19T20:07:48","date_gmt":"2025-09-19T18:07:48","guid":{"rendered":"https:\/\/esencialnext.iniciativasdigitales.es\/essentials\/"},"modified":"2026-03-11T14:49:58","modified_gmt":"2026-03-11T12:49:58","slug":"essentials","status":"publish","type":"page","link":"https:\/\/www.esencialcomunicacion.com\/en\/essentials\/","title":{"rendered":"Essentials"},"content":{"rendered":"<div class=\"et_pb_section_0 et_pb_section et_section_regular et_flex_section et-pb-has-background-video et_pb_preload\"><span class=\"et-pb-background-video\"><video autoplay loop playsinline muted><source type=\"video\/mp4\" src=\"https:\/\/www.esencialcomunicacion.com\/wp-content\/uploads\/2025\/09\/esenciales-header.mp4\" \/><\/video><\/span><\/div>\n\n<div class=\"et_pb_section_1 et_pb_section et_section_regular et_flex_section\">\n<div class=\"et_pb_row_0 et_pb_row et_flex_row\">\n<div class=\"et_pb_column_0 et_pb_column et_flex_column et_pb_css_mix_blend_mode_passthrough et_flex_column_2_5 et_flex_column_2_5_tablet et_flex_column_24_24_phone\">\n<div class=\"et_pb_heading_0 et_pb_heading et_pb_module et_block_module\"><div class=\"et_pb_heading_container\"><h1 class=\"et_pb_module_header\">United by the passion to communicate<\/h1><\/div><\/div>\n<\/div>\n\n<div class=\"et_pb_column_1 et_pb_column et-last-child et_flex_column et_pb_css_mix_blend_mode_passthrough et_flex_column_3_5 et_flex_column_3_5_tablet et_flex_column_24_24_phone\">\n<div class=\"et_pb_text_0 et_pb_text et_pb_bg_layout_light et_pb_module et_block_module\"><div class=\"et_pb_text_inner\"><p>We see every project as an opportunity to transform ideas into experiences that connect. We are a passionate and professional team, driven by trust, creativity and absolute commitment to each brand.<\/p>\n<p>More than communicating, we believe in generating a real and lasting impact, transforming perceptions to activate the most powerful lever of all. That of the movement.<\/p>\n<p>&nbsp;<\/p>\n<\/div><\/div>\n<\/div>\n<\/div>\n<\/div>\n\n<div class=\"et_pb_section_2 et_pb_section et_section_regular et_flex_section\">\n<div class=\"et_pb_row_1 et_pb_row et_flex_row\">\n<div class=\"et_pb_column_2 et_pb_column et-last-child et_flex_column et_pb_css_mix_blend_mode_passthrough et_flex_column_24_24 et_flex_column_24_24_tablet et_flex_column_24_24_phone\">\n<div class=\"et_pb_heading_1 et_pb_heading et_pb_module et_block_module\"><div class=\"et_pb_heading_container\"><h2 class=\"et_pb_module_header\">Our team<\/h2><\/div><\/div>\n<\/div>\n<\/div>\n\n<div class=\"et_pb_row_2 et_pb_row et_flex_row et_flex_column_24_24_phone\">\n<div class=\"et_pb_column_3 et_pb_column et-last-child et_grid_column et_pb_css_mix_blend_mode_passthrough et_flex_column_24_24 et_flex_column_24_24_tablet et_flex_column_24_24_phone\"><div class=\"et_pb_group_0 et_pb_group et_pb_module et_flex_group et_pb_css_mix_blend_mode_passthrough\" data-loop-item=\"0\">\n<div class=\"et_pb_text_1 et_pb_text et_pb_bg_layout_light et_pb_module et_flex_module\"><div class=\"et_pb_text_inner\"><p>David Sandoval<\/p>\n<\/div><\/div>\n<\/div><div class=\"et_pb_group_1 et_pb_group et_pb_module et_flex_group et_pb_css_mix_blend_mode_passthrough\" data-loop-item=\"1\">\n<div class=\"et_pb_text_2 et_pb_text et_pb_bg_layout_light et_pb_module et_flex_module\"><div class=\"et_pb_text_inner\"><p>Fidel Vel\u00e1zquez<\/p>\n<\/div><\/div>\n<\/div><div class=\"et_pb_group_2 et_pb_group et_pb_module et_flex_group et_pb_css_mix_blend_mode_passthrough\" data-loop-item=\"2\">\n<div class=\"et_pb_text_3 et_pb_text et_pb_bg_layout_light et_pb_module et_flex_module\"><div class=\"et_pb_text_inner\"><p>Cristina Aguil\u00e0<\/p>\n<\/div><\/div>\n<\/div><div class=\"et_pb_group_3 et_pb_group et_pb_module et_flex_group et_pb_css_mix_blend_mode_passthrough\" data-loop-item=\"3\">\n<div class=\"et_pb_text_4 et_pb_text et_pb_bg_layout_light et_pb_module et_flex_module\"><div class=\"et_pb_text_inner\"><p>Camino Pastrana<\/p>\n<\/div><\/div>\n<\/div><div class=\"et_pb_group_4 et_pb_group et_pb_module et_flex_group et_pb_css_mix_blend_mode_passthrough\" data-loop-item=\"4\">\n<div class=\"et_pb_text_5 et_pb_text et_pb_bg_layout_light et_pb_module et_flex_module\"><div class=\"et_pb_text_inner\"><p>Judith Hern\u00e1ndez<\/p>\n<\/div><\/div>\n<\/div><div class=\"et_pb_group_5 et_pb_group et_pb_module et_flex_group et_pb_css_mix_blend_mode_passthrough\" data-loop-item=\"5\">\n<div class=\"et_pb_text_6 et_pb_text et_pb_bg_layout_light et_pb_module et_flex_module\"><div class=\"et_pb_text_inner\"><p>Mar\u00eda de la Plaza<\/p>\n<\/div><\/div>\n<\/div><div class=\"et_pb_group_6 et_pb_group et_pb_module et_flex_group et_pb_css_mix_blend_mode_passthrough\" data-loop-item=\"6\">\n<div class=\"et_pb_text_7 et_pb_text et_pb_bg_layout_light et_pb_module et_flex_module\"><div class=\"et_pb_text_inner\"><p>V\u00edctor Gil<\/p>\n<\/div><\/div>\n<\/div><div class=\"et_pb_group_7 et_pb_group et_pb_module et_flex_group et_pb_css_mix_blend_mode_passthrough\" data-loop-item=\"7\">\n<div class=\"et_pb_text_8 et_pb_text et_pb_bg_layout_light et_pb_module et_flex_module\"><div class=\"et_pb_text_inner\"><p>Reyes Alonso<\/p>\n<\/div><\/div>\n<\/div><div class=\"et_pb_group_8 et_pb_group et_pb_module et_flex_group et_pb_css_mix_blend_mode_passthrough\" data-loop-item=\"8\">\n<div class=\"et_pb_text_9 et_pb_text et_pb_bg_layout_light et_pb_module et_flex_module\"><div class=\"et_pb_text_inner\"><p>Elena Barrero<\/p>\n<\/div><\/div>\n<\/div><div class=\"et_pb_group_9 et_pb_group et_pb_module et_flex_group et_pb_css_mix_blend_mode_passthrough\" data-loop-item=\"9\">\n<div class=\"et_pb_text_10 et_pb_text et_pb_bg_layout_light et_pb_module et_flex_module\"><div class=\"et_pb_text_inner\"><p>Ander Zabalza<\/p>\n<\/div><\/div>\n<\/div><div class=\"et_pb_group_10 et_pb_group et_pb_module et_flex_group et_pb_css_mix_blend_mode_passthrough\" data-loop-item=\"10\">\n<div class=\"et_pb_text_11 et_pb_text et_pb_bg_layout_light et_pb_module et_flex_module\"><div class=\"et_pb_text_inner\"><p>Andrea Mut<\/p>\n<\/div><\/div>\n<\/div><div class=\"et_pb_group_11 et_pb_group et_pb_module et_flex_group et_pb_css_mix_blend_mode_passthrough\" data-loop-item=\"11\">\n<div class=\"et_pb_text_12 et_pb_text et_pb_bg_layout_light et_pb_module et_flex_module\"><div class=\"et_pb_text_inner\"><p>Jose Lu\u00eds Aroza<\/p>\n<\/div><\/div>\n<\/div><div class=\"et_pb_group_12 et_pb_group et_pb_module et_flex_group et_pb_css_mix_blend_mode_passthrough\" data-loop-item=\"12\">\n<div class=\"et_pb_text_13 et_pb_text et_pb_bg_layout_light et_pb_module et_flex_module\"><div class=\"et_pb_text_inner\"><p>Patricia Navas<\/p>\n<\/div><\/div>\n<\/div><div class=\"et_pb_group_13 et_pb_group et_pb_module et_flex_group et_pb_css_mix_blend_mode_passthrough\" data-loop-item=\"13\">\n<div class=\"et_pb_text_14 et_pb_text et_pb_bg_layout_light et_pb_module et_flex_module\"><div class=\"et_pb_text_inner\"><p>\u00c1ngela Doblas<\/p>\n<\/div><\/div>\n<\/div><div class=\"et_pb_group_14 et_pb_group et_pb_module et_flex_group et_pb_css_mix_blend_mode_passthrough\" data-loop-item=\"14\">\n<div class=\"et_pb_text_15 et_pb_text et_pb_bg_layout_light et_pb_module et_flex_module\"><div class=\"et_pb_text_inner\"><p>Fernando Fern\u00e1ndez<\/p>\n<\/div><\/div>\n<\/div><div class=\"et_pb_group_15 et_pb_group et_pb_module et_flex_group et_pb_css_mix_blend_mode_passthrough\" data-loop-item=\"15\">\n<div class=\"et_pb_text_16 et_pb_text et_pb_bg_layout_light et_pb_module et_flex_module\"><div class=\"et_pb_text_inner\"><p>Idoia Corrochano<\/p>\n<\/div><\/div>\n<\/div><div class=\"et_pb_group_16 et_pb_group et_pb_module et_flex_group et_pb_css_mix_blend_mode_passthrough\" data-loop-item=\"16\">\n<div class=\"et_pb_text_17 et_pb_text et_pb_bg_layout_light et_pb_module et_flex_module\"><div class=\"et_pb_text_inner\"><p>Claudia Borges<\/p>\n<\/div><\/div>\n<\/div><div class=\"et_pb_group_17 et_pb_group et_pb_module et_flex_group et_pb_css_mix_blend_mode_passthrough\" data-loop-item=\"17\">\n<div class=\"et_pb_text_18 et_pb_text et_pb_bg_layout_light et_pb_module et_flex_module\"><div class=\"et_pb_text_inner\"><p>Alberto Saez<\/p>\n<\/div><\/div>\n<\/div><div class=\"et_pb_group_18 et_pb_group et_pb_module et_flex_group et_pb_css_mix_blend_mode_passthrough\" data-loop-item=\"18\">\n<div class=\"et_pb_text_19 et_pb_text et_pb_bg_layout_light et_pb_module et_flex_module\"><div class=\"et_pb_text_inner\"><p>Diogo Archer<\/p>\n<\/div><\/div>\n<\/div><div class=\"et_pb_group_19 et_pb_group et-last-child et_pb_module et_flex_group et_pb_css_mix_blend_mode_passthrough\" data-loop-item=\"19\">\n<div class=\"et_pb_text_20 et_pb_text et_pb_bg_layout_light et_pb_module et_flex_module\"><div class=\"et_pb_text_inner\"><p>Paula Manzano<\/p>\n<\/div><\/div>\n<\/div><\/div>\n<\/div>\n<\/div>\n\n<div class=\"et_pb_section_3 et_pb_section et_section_regular et_flex_section\">\n<div class=\"et_pb_row_3 et_pb_row et_flex_row\">\n<div class=\"et_pb_column_4 et_pb_column et-last-child et_flex_column et_pb_css_mix_blend_mode_passthrough et_flex_column_24_24 et_flex_column_24_24_tablet et_flex_column_24_24_phone\">\n<div class=\"et_pb_heading_2 et_pb_heading et_pb_module et_block_module\"><div class=\"et_pb_heading_container\"><h2 class=\"et_pb_module_header\">Our framework<\/h2><\/div><\/div>\n<\/div>\n<\/div>\n\n<div class=\"et_pb_row_4 et_pb_row et_flex_row\">\n<div class=\"et_pb_column_5 et_pb_column et-last-child et_flex_column et_pb_css_mix_blend_mode_passthrough et_flex_column_24_24 et_flex_column_24_24_tablet et_flex_column_24_24_phone\">\n<div class=\"et_pb_image_0 et_pb_image et_pb_module et_block_module\"><span class=\"et_pb_image_wrap\"><img loading=\"lazy\" decoding=\"async\" src=\"https:\/\/www.esencialcomunicacion.com\/wp-content\/uploads\/2025\/09\/gif-esencial-framework.gif\" width=\"1920\" height=\"820\" srcset=\"https:\/\/www.esencialcomunicacion.com\/wp-content\/uploads\/2025\/09\/gif-esencial-framework.gif 1920w\" sizes=\"(min-width: 0px) and (max-width: 480px) 480px, (min-width: 481px) and (max-width: 980px) 980px, (min-width: 981px) and (max-width: 1280px) 1280px, (min-width: 1281px) 1920px, 100vw\" class=\"wp-image-220759\" alt=\"\" title=\"\"><\/span><\/div>\n<\/div>\n<\/div>\n<\/div>\n\n<div class=\"et_pb_section_4 et_pb_section et_section_regular et_flex_section\">\n<div class=\"et_pb_row_5 et_pb_row et_flex_row\">\n<div class=\"et_pb_column_6 et_pb_column et-last-child et_flex_column et_pb_css_mix_blend_mode_passthrough et_flex_column_24_24 et_flex_column_24_24_tablet et_flex_column_24_24_phone\">\n<div class=\"et_pb_heading_3 et_pb_heading et_pb_module et_block_module\"><div class=\"et_pb_heading_container\"><h2 class=\"et_pb_module_header\">Landmarks<\/h2><\/div><\/div>\n<\/div>\n<\/div>\n\n<div class=\"et_pb_row_6 et_pb_row et_flex_row\">\n<div class=\"et_pb_column_7 et_pb_column et-last-child et_flex_column et_pb_css_mix_blend_mode_passthrough et_flex_column_24_24 et_flex_column_24_24_tablet et_flex_column_24_24_phone\">\n<div class=\"et_pb_blog_0 et_pb_blog et_pb_bg_layout_light et_pb_posts et_pb_module\"><div class=\"et_pb_ajax_pagination_container\"><div class=\"et_pb_posts et_grid_module\"><article class=\"et_pb_post et_pb_post_id_53525 clearfix et_pb_blog_item_0_0 post-53525 milestones type-milestones status-publish has-post-thumbnail hentry\"><div class=\"et_pb_image_container\"><a href=\"https:\/\/www.esencialcomunicacion.com\/en\/milestones\/2024\/\" class=\"entry-featured-image-url\"><img loading=\"lazy\" decoding=\"async\" src=\"https:\/\/www.esencialcomunicacion.com\/wp-content\/uploads\/2025\/07\/2024.webp\" width=\"320\" height=\"284\" alt=\"2024\" class=\"\" srcset=\"https:\/\/www.esencialcomunicacion.com\/wp-content\/uploads\/2025\/07\/2024.webp 479w, https:\/\/www.esencialcomunicacion.com\/wp-content\/uploads\/2025\/07\/2024-320x284.webp 480w\" sizes=\"(max-width:479px) 479px, 100vw\" title=\"\"><span data-icon=\"\ue050\" class=\"et_overlay et_pb_inline_icon\"><\/span><\/a><\/div><h2 class=\"entry-title\"><a href=\"https:\/\/www.esencialcomunicacion.com\/en\/milestones\/2024\/\">2024<\/a><\/h2><p class=\"post-meta\"><\/p><div class=\"post-content\"><div class=\"post-content-inner\"><p>Un a\u00f1o en el que hemos consolidado resultados, hemos escalado a la posici\u00f3n 19 del top 100 de agencias de comunicaci\u00f3n en Espa\u00f1a y nos hemos ganado la confianza de compa\u00f1\u00edas como BOSCH, GRANIER, TRENDMICRO o ARAMARK.<\/p>\n<\/div><\/div><\/article><article class=\"et_pb_post et_pb_post_id_53454 clearfix et_pb_blog_item_0_1 post-53454 milestones type-milestones status-publish has-post-thumbnail hentry\"><div class=\"et_pb_image_container\"><a href=\"https:\/\/www.esencialcomunicacion.com\/en\/milestones\/2023\/\" class=\"entry-featured-image-url\"><img loading=\"lazy\" decoding=\"async\" src=\"https:\/\/www.esencialcomunicacion.com\/wp-content\/uploads\/2025\/09\/2023-scaled.png\" width=\"400\" height=\"284\" alt=\"2023\" class=\"\" srcset=\"https:\/\/www.esencialcomunicacion.com\/wp-content\/uploads\/2025\/09\/2023-scaled.png 479w, https:\/\/www.esencialcomunicacion.com\/wp-content\/uploads\/2025\/09\/2023-400x284.png 480w\" sizes=\"(max-width:479px) 479px, 100vw\" title=\"\"><span data-icon=\"\ue050\" class=\"et_overlay et_pb_inline_icon\"><\/span><\/a><\/div><h2 class=\"entry-title\"><a href=\"https:\/\/www.esencialcomunicacion.com\/en\/milestones\/2023\/\">2023<\/a><\/h2><p class=\"post-meta\"><\/p><div class=\"post-content\"><div class=\"post-content-inner\"><p>El a\u00f1o en el que celebramos nuestro d\u00e9cimo aniversario, cambiamos nuestro logo y nos mudamos a unas nuevas oficinas. De momento no se puede pedir m\u00e1s<\/p>\n<\/div><\/div><\/article><article class=\"et_pb_post et_pb_post_id_53452 clearfix et_pb_blog_item_0_2 post-53452 milestones type-milestones status-publish has-post-thumbnail hentry\"><div class=\"et_pb_image_container\"><a href=\"https:\/\/www.esencialcomunicacion.com\/en\/milestones\/2022\/\" class=\"entry-featured-image-url\"><img loading=\"lazy\" decoding=\"async\" src=\"https:\/\/www.esencialcomunicacion.com\/wp-content\/uploads\/2025\/09\/2022-scaled.png\" width=\"400\" height=\"284\" alt=\"2022\" class=\"\" srcset=\"https:\/\/www.esencialcomunicacion.com\/wp-content\/uploads\/2025\/09\/2022-scaled.png 479w, https:\/\/www.esencialcomunicacion.com\/wp-content\/uploads\/2025\/09\/2022-400x284.png 480w\" sizes=\"(max-width:479px) 479px, 100vw\" title=\"\"><span data-icon=\"\ue050\" class=\"et_overlay et_pb_inline_icon\"><\/span><\/a><\/div><h2 class=\"entry-title\"><a href=\"https:\/\/www.esencialcomunicacion.com\/en\/milestones\/2022\/\">2022<\/a><\/h2><p class=\"post-meta\"><\/p><div class=\"post-content\"><div class=\"post-content-inner\"><p>El a\u00f1o en el que obtuvimos el mayor crecimiento ampliando nuestra cartera de clientes y reforzando nuestra delegaci\u00f3n de Catalunya. Tambi\u00e9n el a\u00f1o en el que ampliamos nuestro portfolio con servicios complementarios a los de la comunicaci\u00f3n y las relaciones&#8230;<\/p>\n<\/div><\/div><\/article><article class=\"et_pb_post et_pb_post_id_53450 clearfix et_pb_blog_item_0_3 post-53450 milestones type-milestones status-publish has-post-thumbnail hentry\"><div class=\"et_pb_image_container\"><a href=\"https:\/\/www.esencialcomunicacion.com\/en\/milestones\/2021\/\" class=\"entry-featured-image-url\"><img loading=\"lazy\" decoding=\"async\" src=\"https:\/\/www.esencialcomunicacion.com\/wp-content\/uploads\/2025\/09\/2021.jpg\" width=\"400\" height=\"284\" alt=\"2021\" class=\"\" srcset=\"https:\/\/www.esencialcomunicacion.com\/wp-content\/uploads\/2025\/09\/2021.jpg 479w, https:\/\/www.esencialcomunicacion.com\/wp-content\/uploads\/2025\/09\/2021-400x284.jpg 480w\" sizes=\"(max-width:479px) 479px, 100vw\" title=\"\"><span data-icon=\"\ue050\" class=\"et_overlay et_pb_inline_icon\"><\/span><\/a><\/div><h2 class=\"entry-title\"><a href=\"https:\/\/www.esencialcomunicacion.com\/en\/milestones\/2021\/\">2021<\/a><\/h2><p class=\"post-meta\"><\/p><div class=\"post-content\"><div class=\"post-content-inner\"><p>Sin duda nuestro a\u00f1o &#8220;Chili&#8221;. Salimos fortalecidos de la crisis, ampliamos nuestra delegaci\u00f3n de Lisboa, 7 clientes nuevos entraron en la agencia y nos reforzamos con herramientas &#8220;best in class&#8221; para los servicios de PR.<\/p>\n<\/div><\/div><\/article><article class=\"et_pb_post et_pb_post_id_53448 clearfix et_pb_blog_item_0_4 post-53448 milestones type-milestones status-publish has-post-thumbnail hentry\"><div class=\"et_pb_image_container\"><a href=\"https:\/\/www.esencialcomunicacion.com\/en\/milestones\/2020\/\" class=\"entry-featured-image-url\"><img loading=\"lazy\" decoding=\"async\" src=\"https:\/\/www.esencialcomunicacion.com\/wp-content\/uploads\/2025\/09\/2020.jpg\" width=\"400\" height=\"284\" alt=\"2020\" class=\"\" srcset=\"https:\/\/www.esencialcomunicacion.com\/wp-content\/uploads\/2025\/09\/2020.jpg 479w, https:\/\/www.esencialcomunicacion.com\/wp-content\/uploads\/2025\/09\/2020-400x284.jpg 480w\" sizes=\"(max-width:479px) 479px, 100vw\" title=\"\"><span data-icon=\"\ue050\" class=\"et_overlay et_pb_inline_icon\"><\/span><\/a><\/div><h2 class=\"entry-title\"><a href=\"https:\/\/www.esencialcomunicacion.com\/en\/milestones\/2020\/\">2020<\/a><\/h2><p class=\"post-meta\"><\/p><div class=\"post-content\"><div class=\"post-content-inner\"><p>ESENCIAL entra a formar parte de las 40 mejores agencias de comunicaci\u00f3n en Espa\u00f1a y logra sortear la crisis del sector vivida a ra\u00edz de la COV19.<\/p>\n<\/div><\/div><\/article><article class=\"et_pb_post et_pb_post_id_53446 clearfix et_pb_blog_item_0_5 post-53446 milestones type-milestones status-publish has-post-thumbnail hentry\"><div class=\"et_pb_image_container\"><a href=\"https:\/\/www.esencialcomunicacion.com\/en\/milestones\/2019\/\" class=\"entry-featured-image-url\"><img loading=\"lazy\" decoding=\"async\" src=\"https:\/\/www.esencialcomunicacion.com\/wp-content\/uploads\/2025\/09\/2019.jpg\" width=\"400\" height=\"284\" alt=\"2019\" class=\"\" srcset=\"https:\/\/www.esencialcomunicacion.com\/wp-content\/uploads\/2025\/09\/2019.jpg 479w, https:\/\/www.esencialcomunicacion.com\/wp-content\/uploads\/2025\/09\/2019-400x284.jpg 480w\" sizes=\"(max-width:479px) 479px, 100vw\" title=\"\"><span data-icon=\"\ue050\" class=\"et_overlay et_pb_inline_icon\"><\/span><\/a><\/div><h2 class=\"entry-title\"><a href=\"https:\/\/www.esencialcomunicacion.com\/en\/milestones\/2019\/\">2019<\/a><\/h2><p class=\"post-meta\"><\/p><div class=\"post-content\"><div class=\"post-content-inner\"><p>Lanzamos nuestra divisi\u00f3n de Lifestyle bajo el nombre de Belair PR. Tambi\u00e9n una revista, www.belairmagazine.es que se ha posicionado como un referente para el mundo de marcas e influencers.<\/p>\n<\/div><\/div><\/article><article class=\"et_pb_post et_pb_post_id_53444 clearfix et_pb_blog_item_0_6 post-53444 milestones type-milestones status-publish has-post-thumbnail hentry\"><div class=\"et_pb_image_container\"><a href=\"https:\/\/www.esencialcomunicacion.com\/en\/milestones\/2018\/\" class=\"entry-featured-image-url\"><img loading=\"lazy\" decoding=\"async\" src=\"https:\/\/www.esencialcomunicacion.com\/wp-content\/uploads\/2025\/09\/2018.jpg\" width=\"400\" height=\"284\" alt=\"2018\" class=\"\" srcset=\"https:\/\/www.esencialcomunicacion.com\/wp-content\/uploads\/2025\/09\/2018.jpg 479w, https:\/\/www.esencialcomunicacion.com\/wp-content\/uploads\/2025\/09\/2018-400x284.jpg 480w\" sizes=\"(max-width:479px) 479px, 100vw\" title=\"\"><span data-icon=\"\ue050\" class=\"et_overlay et_pb_inline_icon\"><\/span><\/a><\/div><h2 class=\"entry-title\"><a href=\"https:\/\/www.esencialcomunicacion.com\/en\/milestones\/2018\/\">2018<\/a><\/h2><p class=\"post-meta\"><\/p><div class=\"post-content\"><div class=\"post-content-inner\"><p>Entramos en nuevos sectores de actividad como el de Log\u00edstica, Salud y Energ\u00eda y consolidamos nuestro crecimiento.<\/p>\n<\/div><\/div><\/article><article class=\"et_pb_post et_pb_post_id_53442 clearfix et_pb_blog_item_0_7 post-53442 milestones type-milestones status-publish has-post-thumbnail hentry\"><div class=\"et_pb_image_container\"><a href=\"https:\/\/www.esencialcomunicacion.com\/en\/milestones\/2017\/\" class=\"entry-featured-image-url\"><img loading=\"lazy\" decoding=\"async\" src=\"https:\/\/www.esencialcomunicacion.com\/wp-content\/uploads\/2025\/09\/2017.jpg\" width=\"400\" height=\"284\" alt=\"2017\" class=\"\" srcset=\"https:\/\/www.esencialcomunicacion.com\/wp-content\/uploads\/2025\/09\/2017.jpg 479w, https:\/\/www.esencialcomunicacion.com\/wp-content\/uploads\/2025\/09\/2017-400x284.jpg 480w\" sizes=\"(max-width:479px) 479px, 100vw\" title=\"\"><span data-icon=\"\ue050\" class=\"et_overlay et_pb_inline_icon\"><\/span><\/a><\/div><h2 class=\"entry-title\"><a href=\"https:\/\/www.esencialcomunicacion.com\/en\/milestones\/2017\/\">2017<\/a><\/h2><p class=\"post-meta\"><\/p><div class=\"post-content\"><div class=\"post-content-inner\"><p>Fue nuestro a\u00f1o m\u00e1s digital con mejoras tecnol\u00f3gicas en los servicios de SEO\/SEM, MK Automation y nuevas capacidades en desarrollo web.<\/p>\n<\/div><\/div><\/article><article class=\"et_pb_post et_pb_post_id_53440 clearfix et_pb_blog_item_0_8 post-53440 milestones type-milestones status-publish has-post-thumbnail hentry\"><div class=\"et_pb_image_container\"><a href=\"https:\/\/www.esencialcomunicacion.com\/en\/milestones\/2016\/\" class=\"entry-featured-image-url\"><img loading=\"lazy\" decoding=\"async\" src=\"https:\/\/www.esencialcomunicacion.com\/wp-content\/uploads\/2025\/09\/2016.jpg\" width=\"400\" height=\"284\" alt=\"2016\" class=\"\" srcset=\"https:\/\/www.esencialcomunicacion.com\/wp-content\/uploads\/2025\/09\/2016.jpg 479w, https:\/\/www.esencialcomunicacion.com\/wp-content\/uploads\/2025\/09\/2016-400x284.jpg 480w\" sizes=\"(max-width:479px) 479px, 100vw\" title=\"\"><span data-icon=\"\ue050\" class=\"et_overlay et_pb_inline_icon\"><\/span><\/a><\/div><h2 class=\"entry-title\"><a href=\"https:\/\/www.esencialcomunicacion.com\/en\/milestones\/2016\/\">2016<\/a><\/h2><p class=\"post-meta\"><\/p><div class=\"post-content\"><div class=\"post-content-inner\"><p>Comenzamos a trabajar con grandes clientes como PROSEGUR, BANCO COOPERATIVO, PHILIP MORRIS, DXC TECHNOLOGY o SAINT-GOBAIN.<\/p>\n<\/div><\/div><\/article><article class=\"et_pb_post et_pb_post_id_53438 clearfix et_pb_blog_item_0_9 post-53438 milestones type-milestones status-publish has-post-thumbnail hentry\"><div class=\"et_pb_image_container\"><a href=\"https:\/\/www.esencialcomunicacion.com\/en\/milestones\/2015\/\" class=\"entry-featured-image-url\"><img loading=\"lazy\" decoding=\"async\" src=\"https:\/\/www.esencialcomunicacion.com\/wp-content\/uploads\/2025\/09\/2015-scaled.png\" width=\"400\" height=\"284\" alt=\"2015\" class=\"\" srcset=\"https:\/\/www.esencialcomunicacion.com\/wp-content\/uploads\/2025\/09\/2015-scaled.png 479w, https:\/\/www.esencialcomunicacion.com\/wp-content\/uploads\/2025\/09\/2015-400x284.png 480w\" sizes=\"(max-width:479px) 479px, 100vw\" title=\"\"><span data-icon=\"\ue050\" class=\"et_overlay et_pb_inline_icon\"><\/span><\/a><\/div><h2 class=\"entry-title\"><a href=\"https:\/\/www.esencialcomunicacion.com\/en\/milestones\/2015\/\">2015<\/a><\/h2><p class=\"post-meta\"><\/p><div class=\"post-content\"><div class=\"post-content-inner\"><p>El a\u00f1o en el que experimentamos una gran madurez como agencia. Nos dotamos de herramientas, metodolog\u00edas y procesos de gesti\u00f3n de servicio que ser\u00e1n imprescindibles para el futuro.<\/p>\n<\/div><\/div><\/article><\/div><\/div><\/div>\n<\/div>\n<\/div>\n<\/div>","protected":false},"excerpt":{"rendered":"","protected":false},"author":1,"featured_media":0,"parent":0,"menu_order":0,"comment_status":"closed","ping_status":"closed","template":"","meta":{"_acf_changed":false,"footnotes":""},"class_list":["post-222050","page","type-page","status-publish","hentry"],"acf":[],"_links":{"self":[{"href":"https:\/\/www.esencialcomunicacion.com\/en\/wp-json\/wp\/v2\/pages\/222050","targetHints":{"allow":["GET"]}}],"collection":[{"href":"https:\/\/www.esencialcomunicacion.com\/en\/wp-json\/wp\/v2\/pages"}],"about":[{"href":"https:\/\/www.esencialcomunicacion.com\/en\/wp-json\/wp\/v2\/types\/page"}],"author":[{"embeddable":true,"href":"https:\/\/www.esencialcomunicacion.com\/en\/wp-json\/wp\/v2\/users\/1"}],"replies":[{"embeddable":true,"href":"https:\/\/www.esencialcomunicacion.com\/en\/wp-json\/wp\/v2\/comments?post=222050"}],"version-history":[{"count":6,"href":"https:\/\/www.esencialcomunicacion.com\/en\/wp-json\/wp\/v2\/pages\/222050\/revisions"}],"predecessor-version":[{"id":224296,"href":"https:\/\/www.esencialcomunicacion.com\/en\/wp-json\/wp\/v2\/pages\/222050\/revisions\/224296"}],"wp:attachment":[{"href":"https:\/\/www.esencialcomunicacion.com\/en\/wp-json\/wp\/v2\/media?parent=222050"}],"curies":[{"name":"wp","href":"https:\/\/api.w.org\/{rel}","templated":true}]}}